{"id":3787,"date":"2025-02-28T14:36:56","date_gmt":"2025-02-28T17:36:56","guid":{"rendered":"http:\/\/localhost:8888\/spirects\/?page_id=3787"},"modified":"2025-03-20T06:21:05","modified_gmt":"2025-03-20T09:21:05","slug":"quem-somos","status":"publish","type":"page","link":"https:\/\/spirects.fcsh.unl.pt\/en\/quem-somos\/","title":{"rendered":"about us"},"content":{"rendered":"<div data-elementor-type=\"wp-page\" data-elementor-id=\"3787\" class=\"elementor elementor-3787\">\n\t\t\t\t<div class=\"elementor-element elementor-element-d9a23a1 e-flex e-con-boxed e-con e-parent\" data-id=\"d9a23a1\" data-element_type=\"container\">\n\t\t\t\t\t<div class=\"e-con-inner\">\n\t\t\t\t<div class=\"elementor-element elementor-element-48e3685 elementor-widget elementor-widget-heading\" data-id=\"48e3685\" data-element_type=\"widget\" data-widget_type=\"heading.default\">\n\t\t\t\t<div class=\"elementor-widget-container\">\n\t\t\t\t\t<h2 class=\"elementor-heading-title elementor-size-default\">ABOUT US<\/h2>\t\t\t\t<\/div>\n\t\t\t\t<\/div>\n\t\t\t\t\t<\/div>\n\t\t\t\t<\/div>\n\t\t<div class=\"elementor-element elementor-element-b5c4066 e-con-full e-flex e-con e-parent\" data-id=\"b5c4066\" data-element_type=\"container\" data-settings=\"{&quot;background_background&quot;:&quot;slideshow&quot;,&quot;background_slideshow_gallery&quot;:[],&quot;background_slideshow_loop&quot;:&quot;yes&quot;,&quot;background_slideshow_slide_duration&quot;:5000,&quot;background_slideshow_slide_transition&quot;:&quot;fade&quot;,&quot;background_slideshow_transition_duration&quot;:500}\">\n\t\t\t\t<div class=\"elementor-element elementor-element-387232f elementor-widget-tablet__width-inherit elementor-widget__width-inherit elementor-widget elementor-widget-shortcode\" data-id=\"387232f\" data-element_type=\"widget\" data-widget_type=\"shortcode.default\">\n\t\t\t\t<div class=\"elementor-widget-container\">\n\t\t\t\t\t\t\t<div class=\"elementor-shortcode\">    <div class=\"container equipe-container\">\r\n        <div class=\"row equipe-cards\">\r\n                                \r\n                    <div class=\"equipe-card col-md-4 col-sm-6\">\r\n                        <div class=\"card-inner\">\r\n                                                            <div class=\"card-image\">\r\n                                    <img decoding=\"async\" src=\"https:\/\/spirects.fcsh.unl.pt\/wp-content\/uploads\/2025\/03\/jose-alberto-simoes-300x290.png\" alt=\"Jos\u00e9 Alberto Sim\u00f5es\" class=\"open-modal\" data-id=\"4578\">\r\n                                <\/div>\r\n                                                        \r\n                            <div class=\"card-info\">\r\n                                <h3>Jos\u00e9 Alberto Sim\u00f5es<\/h3>\r\n                                                                    <p class=\"papel\">coordinator<\/p>\r\n                                                            <\/div>\r\n                        <\/div>\r\n                    <\/div>\r\n                    \r\n                    <!-- Modal para cada membro -->\r\n                    <div id=\"modal-4578\" class=\"equipe-modal\">\r\n                        <div class=\"modal-content\">\r\n                            <span class=\"close-modal\" data-id=\"4578\">&times;<\/span>\r\n\r\n                            <div class=\"modal-body\">\r\n                                                                    <div class=\"modal-header\">\r\n                                <h2>Jos\u00e9 Alberto Sim\u00f5es<\/h2>\r\n                                                                    <p class=\"papel-destaque\">coordinator<\/p>\r\n                                                            <\/div>\r\n                                                                <div class=\"modal-texto\">\r\n                                    <p>Holds a PhD in Sociology and is an Associate Professor at the NOVA School of Social Sciences and Humanities (NOVA FCSH), where he teaches in the Department of Sociology. He is also an integrated researcher at CICS.NOVA - Interdisciplinary Center for Social Sciences. He has participated in multiple research projects (national and international) in the areas of youth cultures, children\/youth and digital media, activism and participation and, more recently, religious movements, spiritual practices and psychedelics. Among other publications, co-organized Protest, Youth and Precariousness (with R. Carmo, Berghahn, 2020), A arte de construir cidadania: juventude, pr\u00e1ticas criativas e ativismo (with A. Sarrouy and R. Campos, Tinta da China, 2022) and Ativismo, participa\u00e7\u00e3o e cidadania digital (with J. Rodrigues and R. Campos, Ed. H\u00famus, in press). He is currently the lead researcher of SPIRECTS - Spiritual practices and psychedelic substances in ritualized emerging contexts: therapeutic and socio-cultural implications (2023.13311.PEX), project funded by the Foundation for Science and Technology (FCT).<\/p>\n                                    \r\n                                                                    <\/div>\r\n                            <\/div>\r\n                        <\/div>\r\n                    <\/div>\r\n                    \r\n                                    \r\n                    <div class=\"equipe-card col-md-4 col-sm-6\">\r\n                        <div class=\"card-inner\">\r\n                                                            <div class=\"card-image\">\r\n                                    <img decoding=\"async\" src=\"https:\/\/spirects.fcsh.unl.pt\/wp-content\/uploads\/2025\/04\/ana_sofia_ferreira.png\" alt=\"Ana Sofia Machado Ferreira\" class=\"open-modal\" data-id=\"5912\">\r\n                                <\/div>\r\n                                                        \r\n                            <div class=\"card-info\">\r\n                                <h3>Ana Sofia Machado Ferreira<\/h3>\r\n                                                                    <p class=\"papel\">Researcher<\/p>\r\n                                                            <\/div>\r\n                        <\/div>\r\n                    <\/div>\r\n                    \r\n                    <!-- Modal para cada membro -->\r\n                    <div id=\"modal-5912\" class=\"equipe-modal\">\r\n                        <div class=\"modal-content\">\r\n                            <span class=\"close-modal\" data-id=\"5912\">&times;<\/span>\r\n\r\n                            <div class=\"modal-body\">\r\n                                                                    <div class=\"modal-header\">\r\n                                <h2>Ana Sofia Machado Ferreira<\/h2>\r\n                                                                    <p class=\"papel-destaque\">Researcher<\/p>\r\n                                                            <\/div>\r\n                                                                <div class=\"modal-texto\">\r\n                                    <p>Legal Consultant, Clinical psychologist and Visiting Fellow at the University of Northampton (UK), where she completed a PhD in hypnotically induced near-death experiences with the financial support of BIAL Foundation. Former member of LIMMIT-Laboratory of Mind Matter Interaction with Therapeutic Intention, where she began her collaboration with research projects on non-ordinary states of consciousness, including CIBIT-Coimbra Institute for Biomedical Imaging and Translational Research), ICEERS (International Center for Ethnobotanical Education, Research and Service), and ALEF Trust (UK). In her clinical practice, she uses a transpersonal vision that aims to explore consciousness resources, in order to support people going through cycles of deep psychological transformation, spiritual emergency crises and integration after challenging psychedelic experiences.<\/p>\n                                    \r\n                                                                    <\/div>\r\n                            <\/div>\r\n                        <\/div>\r\n                    <\/div>\r\n                    \r\n                                    \r\n                    <div class=\"equipe-card col-md-4 col-sm-6\">\r\n                        <div class=\"card-inner\">\r\n                                                            <div class=\"card-image\">\r\n                                    <img decoding=\"async\" src=\"https:\/\/spirects.fcsh.unl.pt\/wp-content\/uploads\/2025\/03\/eugenia-roussou-300x290.png\" alt=\"Eugenia Roussou\" class=\"open-modal\" data-id=\"4586\">\r\n                                <\/div>\r\n                                                        \r\n                            <div class=\"card-info\">\r\n                                <h3>Eugenia Roussou<\/h3>\r\n                                                                    <p class=\"papel\">researcher<\/p>\r\n                                                            <\/div>\r\n                        <\/div>\r\n                    <\/div>\r\n                    \r\n                    <!-- Modal para cada membro -->\r\n                    <div id=\"modal-4586\" class=\"equipe-modal\">\r\n                        <div class=\"modal-content\">\r\n                            <span class=\"close-modal\" data-id=\"4586\">&times;<\/span>\r\n\r\n                            <div class=\"modal-body\">\r\n                                                                    <div class=\"modal-header\">\r\n                                <h2>Eugenia Roussou<\/h2>\r\n                                                                    <p class=\"papel-destaque\">researcher<\/p>\r\n                                                            <\/div>\r\n                                                                <div class=\"modal-texto\">\r\n                                    <p><span data-sheets-root=\"1\">Eugenia Roussou is a social anthropologist (PhD, UCL, University of London, 2010). She is currently a senior researcher at the Centre for Research in Anthropology (CRIA-Iscte), Lisbon, Portugal, and the Principal Investigator of the research project ReSpell: \u2018Religion, Spirituality and Wellbeing: a Comparative Approach of Transreligiosity and Crisis in Southern Europe\u2019, which is funded by the Portuguese Foundation for Science and Technology (FCT) and hosted by CRIA. She is the author of Orthodox Christianity, New Age Spirituality and Vernacular Religion: the Evil Eye in Greece. London: Bloomsbury (2021) and of plenty of articles and book chapters on the themes of religion and spirituality, ritual healing practices, Complementary and Alternative Medicine (CAM), transreligiosity, spiritual elasticity, health and wellbeing, among others, with particular comparative geographical reference to Portugal and Greece.<\/span><\/p>\n                                    \r\n                                                                    <\/div>\r\n                            <\/div>\r\n                        <\/div>\r\n                    <\/div>\r\n                    \r\n                                    \r\n                    <div class=\"equipe-card col-md-4 col-sm-6\">\r\n                        <div class=\"card-inner\">\r\n                                                            <div class=\"card-image\">\r\n                                    <img decoding=\"async\" src=\"https:\/\/spirects.fcsh.unl.pt\/wp-content\/uploads\/2025\/03\/ricardo-campos-300x290.png\" alt=\"Ricardo Campos\" class=\"open-modal\" data-id=\"4587\">\r\n                                <\/div>\r\n                                                        \r\n                            <div class=\"card-info\">\r\n                                <h3>Ricardo Campos<\/h3>\r\n                                                                    <p class=\"papel\">researcher<\/p>\r\n                                                            <\/div>\r\n                        <\/div>\r\n                    <\/div>\r\n                    \r\n                    <!-- Modal para cada membro -->\r\n                    <div id=\"modal-4587\" class=\"equipe-modal\">\r\n                        <div class=\"modal-content\">\r\n                            <span class=\"close-modal\" data-id=\"4587\">&times;<\/span>\r\n\r\n                            <div class=\"modal-body\">\r\n                                                                    <div class=\"modal-header\">\r\n                                <h2>Ricardo Campos<\/h2>\r\n                                                                    <p class=\"papel-destaque\">researcher<\/p>\r\n                                                            <\/div>\r\n                                                                <div class=\"modal-texto\">\r\n                                    <p><span data-sheets-root=\"1\">Ricardo Campos is a principal researcher at the Interdisciplinary Center for Social Sciences of the Faculty of Social Sciences and Humanities (CICS.NOVA) and a guest lecturer at the Master\u2019s and Doctoral programs in Intercultural Relations at Universidade Aberta. He is a founding member and co-coordinator of the Rede Luso-Brasileira de pesquisa em Artes e Interven\u00e7\u00f5es Urbanas (RAIU). He coordinated the projects Artcitizenship - Young people and the arts of citizenship: activism, participatory culture and creative practices (2019-2022), TransUrbArts - Emergent Urban Arts is Lisbon and S\u00e3o Paulo (2016-2020), both with financial support from the Foundation for Science and Technology. Over the years he has carried out research in various research centers on the themes of urban youth cultures, urban art, digital media, visual anthropology and visual culture, with several book chapters and articles in national and international journals on these topics.<\/span><\/p>\n                                    \r\n                                                                    <\/div>\r\n                            <\/div>\r\n                        <\/div>\r\n                    <\/div>\r\n                    \r\n                                    \r\n                    <div class=\"equipe-card col-md-4 col-sm-6\">\r\n                        <div class=\"card-inner\">\r\n                                                            <div class=\"card-image\">\r\n                                    <img decoding=\"async\" src=\"https:\/\/spirects.fcsh.unl.pt\/wp-content\/uploads\/2025\/03\/tiago-pinto-300x290.png\" alt=\"Tiago Pinto\" class=\"open-modal\" data-id=\"4588\">\r\n                                <\/div>\r\n                                                        \r\n                            <div class=\"card-info\">\r\n                                <h3>Tiago Pinto<\/h3>\r\n                                                                    <p class=\"papel\">researcher<\/p>\r\n                                                            <\/div>\r\n                        <\/div>\r\n                    <\/div>\r\n                    \r\n                    <!-- Modal para cada membro -->\r\n                    <div id=\"modal-4588\" class=\"equipe-modal\">\r\n                        <div class=\"modal-content\">\r\n                            <span class=\"close-modal\" data-id=\"4588\">&times;<\/span>\r\n\r\n                            <div class=\"modal-body\">\r\n                                                                    <div class=\"modal-header\">\r\n                                <h2>Tiago Pinto<\/h2>\r\n                                                                    <p class=\"papel-destaque\">researcher<\/p>\r\n                                                            <\/div>\r\n                                                                <div class=\"modal-texto\">\r\n                                    <p><span data-sheets-root=\"1\">Tiago Pinto is a PhD student at the Faculty of Arts and Humanities, University of Porto, affiliated with the university's Institute of Sociology. He is also a member of the coordinating team for the Sociology of Religion Research Network of the Portuguese Sociology Association (APS). His research focuses on New Age spiritualities and their intersections with contemporary environmental and religious issues. His recent publications include \"The New Age's Harmony with Nature\" (In press, 2024), \"Spiritual Representations in Rural Ecovillages: A Systematic Review\" (2024), and \"New Age and Environment: New Forms of Spirituality and Lifestyle in the Context of Secularisation?\" (2023). In these works, Pinto examines emerging forms of spirituality and lifestyles within ecovillage contexts. An active researcher in contemporary religious studies, Pinto has presented his work at numerous national and international conferences. His PhD project contributes to understanding the interplay between spiritual practices in ecovillages and the intentional use of psychedelics. By integrating psychedelics into his theoretical and methodological frameworks, Pinto offers new insights into their role in shaping modern spirituality and environmentalism.<\/span><\/p>\n                                    \r\n                                                                    <\/div>\r\n                            <\/div>\r\n                        <\/div>\r\n                    <\/div>\r\n                    \r\n                                    \r\n                    <div class=\"equipe-card col-md-4 col-sm-6\">\r\n                        <div class=\"card-inner\">\r\n                                                            <div class=\"card-image\">\r\n                                    <img decoding=\"async\" src=\"https:\/\/spirects.fcsh.unl.pt\/wp-content\/uploads\/2025\/03\/david-luke-300x290.png\" alt=\"David Luke\" class=\"open-modal\" data-id=\"4589\">\r\n                                <\/div>\r\n                                                        \r\n                            <div class=\"card-info\">\r\n                                <h3>David Luke<\/h3>\r\n                                                                    <p class=\"papel\">consultant<\/p>\r\n                                                            <\/div>\r\n                        <\/div>\r\n                    <\/div>\r\n                    \r\n                    <!-- Modal para cada membro -->\r\n                    <div id=\"modal-4589\" class=\"equipe-modal\">\r\n                        <div class=\"modal-content\">\r\n                            <span class=\"close-modal\" data-id=\"4589\">&times;<\/span>\r\n\r\n                            <div class=\"modal-body\">\r\n                                                                    <div class=\"modal-header\">\r\n                                <h2>David Luke<\/h2>\r\n                                                                    <p class=\"papel-destaque\">consultant<\/p>\r\n                                                            <\/div>\r\n                                                                <div class=\"modal-texto\">\r\n                                    <p><span data-sheets-root=\"1\">Dr David Luke is Associate Professor of Psychology at the University of Greenwich, and Perrott-Warrick Senior Researcher (via Trinity College Cambridge). His research focuses on transpersonal experiences, anomalous phenomena and altered states of consciousness, especially via psychedelics, having published more than 100 academic papers in this area, including thirteen books, such as Otherworlds: Psychedelics and Exceptional Human Experience. When he is not running clinical drug trials with LSD, exploring lucid dream precognition, or exploring apparent weather control with Mexican shamans he manages a small ancient woodland and is a cofounder and trustee of Breaking Convention: International Conference on Psychedelic Consciousness. He lives life on the edge, of Sussex, England.<\/span><\/p>\n                                    \r\n                                                                    <\/div>\r\n                            <\/div>\r\n                        <\/div>\r\n                    <\/div>\r\n                    \r\n                                    \r\n                    <div class=\"equipe-card col-md-4 col-sm-6\">\r\n                        <div class=\"card-inner\">\r\n                                                            <div class=\"card-image\">\r\n                                    <img decoding=\"async\" src=\"https:\/\/spirects.fcsh.unl.pt\/wp-content\/uploads\/2025\/03\/jeronimo-mazarrasa-300x290.png\" alt=\"Jer\u00f3nimo Mazarrasa\" class=\"open-modal\" data-id=\"4590\">\r\n                                <\/div>\r\n                                                        \r\n                            <div class=\"card-info\">\r\n                                <h3>Jer\u00f3nimo Mazarrasa<\/h3>\r\n                                                                    <p class=\"papel\">consultant<\/p>\r\n                                                            <\/div>\r\n                        <\/div>\r\n                    <\/div>\r\n                    \r\n                    <!-- Modal para cada membro -->\r\n                    <div id=\"modal-4590\" class=\"equipe-modal\">\r\n                        <div class=\"modal-content\">\r\n                            <span class=\"close-modal\" data-id=\"4590\">&times;<\/span>\r\n\r\n                            <div class=\"modal-body\">\r\n                                                                    <div class=\"modal-header\">\r\n                                <h2>Jer\u00f3nimo Mazarrasa<\/h2>\r\n                                                                    <p class=\"papel-destaque\">consultant<\/p>\r\n                                                            <\/div>\r\n                                                                <div class=\"modal-texto\">\r\n                                    <p><span data-sheets-root=\"1\">Jer\u00f3nimo Mazarrasa is Director of Social Innovation at the ICEERS Foundation. In the past 5 years he has devoted most of his energy to exploring how ceremonial plant practices can be integrated outside of their cultures of origin.  He has worked with facilitator communities in self regulation processes, developed harm reduction tools, initiatives and trainings, commissioned scientific research as well as legal and policy reports to inform proposals for the integrations of ceremonial plant practices in global north societies. Previous to that, he wrote and produced four documentaries on various aspects of the West's encounter with indigenous knowledge, from ayahuasca in the treatment of drug addiction, featuring Gabor Mat\u00e9, to Colombia\u2019s Kogi Mamos, the Brazilian ayahuasca religions, and Bruce Parry\u2019s last feature film, Tawai. He has travelled extensively through South America, researching a broad spectrum of indigenous, mestizo and Western ayahuasca practices and has lectured internationally on the past, present and future of the globalization of traditional indigenous medicines.<\/span><\/p>\n                                    \r\n                                                                    <\/div>\r\n                            <\/div>\r\n                        <\/div>\r\n                    <\/div>\r\n                    \r\n                                    \r\n                    <div class=\"equipe-card col-md-4 col-sm-6\">\r\n                        <div class=\"card-inner\">\r\n                                                            <div class=\"card-image\">\r\n                                    <img decoding=\"async\" src=\"https:\/\/spirects.fcsh.unl.pt\/wp-content\/uploads\/2025\/08\/ID_Foto_Blumer-300x276.png\" alt=\"St\u00e9phane Blumer\" class=\"open-modal\" data-id=\"6001\">\r\n                                <\/div>\r\n                                                        \r\n                            <div class=\"card-info\">\r\n                                <h3>St\u00e9phane Blumer<\/h3>\r\n                                                                    <p class=\"papel\">Collaborator<\/p>\r\n                                                            <\/div>\r\n                        <\/div>\r\n                    <\/div>\r\n                    \r\n                    <!-- Modal para cada membro -->\r\n                    <div id=\"modal-6001\" class=\"equipe-modal\">\r\n                        <div class=\"modal-content\">\r\n                            <span class=\"close-modal\" data-id=\"6001\">&times;<\/span>\r\n\r\n                            <div class=\"modal-body\">\r\n                                                                    <div class=\"modal-header\">\r\n                                <h2>St\u00e9phane Blumer<\/h2>\r\n                                                                    <p class=\"papel-destaque\">Collaborator<\/p>\r\n                                                            <\/div>\r\n                                                                <div class=\"modal-texto\">\r\n                                    <p>St\u00e9phane Blumer holds a Master's degree in Fine Arts from Goldsmiths, University of London, and a PhD in Social Anthropology from EHESS\u2014\u00c9cole des Hautes \u00c9tudes en Sciences Sociales, in Paris. He is a visual artist and anthropologist working at the intersection of visual cultures and technopolitics. His research explores capitalomorphosis and ecosystemic thinking through processes of normativity in the context of environmental and social crises. He is currently an associate researcher at EHESS and CICS.NOVA, and collaborates with several European networks (COSTaction ARTinRARE \/ ELIA). He has taught Sociology and Anthropology at the University of Paris Nanterre (2016-2020), Artistic Studies and Design at NABA in Milan (2024-2025) and at NOVA University in Lisbon (2025), and co-leads the seminar \u2018la Fabrique de l'Anthropologie Politique\u2019 at EHESS in Paris. As curator and manager of international residency and exhibition programmes, he co-directs com\u0131t\u0117, a research centre for the Arts and Social Sciences in Lisbon.<\/p>\n                                    \r\n                                                                    <\/div>\r\n                            <\/div>\r\n                        <\/div>\r\n                    <\/div>\r\n                    \r\n                        <\/div>\r\n    <\/div>\r\n    \r\n    <\/div>\n\t\t\t\t\t\t<\/div>\n\t\t\t\t<\/div>\n\t\t\t\t<\/div>\n\t\t<div class=\"elementor-element elementor-element-0a20bc7 e-flex e-con-boxed e-con e-parent\" data-id=\"0a20bc7\" data-element_type=\"container\">\n\t\t\t\t\t<div class=\"e-con-inner\">\n\t\t<div class=\"elementor-element elementor-element-0e5e5d8 e-con-full e-flex e-con e-child\" data-id=\"0e5e5d8\" data-element_type=\"container\">\n\t\t\t\t<div class=\"elementor-element elementor-element-c3bfb1e elementor-align-justify elementor-widget elementor-widget-button\" data-id=\"c3bfb1e\" data-element_type=\"widget\" data-widget_type=\"button.default\">\n\t\t\t\t<div class=\"elementor-widget-container\">\n\t\t\t\t\t\t\t\t\t<div class=\"elementor-button-wrapper\">\n\t\t\t\t\t<a class=\"elementor-button elementor-button-link elementor-size-sm\" href=\"https:\/\/spirects.fcsh.unl.pt\/en\/projeto\/\">\n\t\t\t\t\t\t<span class=\"elementor-button-content-wrapper\">\n\t\t\t\t\t\t\t\t\t<span class=\"elementor-button-text\">project<\/span>\n\t\t\t\t\t<\/span>\n\t\t\t\t\t<\/a>\n\t\t\t\t<\/div>\n\t\t\t\t\t\t\t\t<\/div>\n\t\t\t\t<\/div>\n\t\t\t\t<\/div>\n\t\t<div class=\"elementor-element elementor-element-60f4010 e-con-full e-flex e-con e-child\" data-id=\"60f4010\" data-element_type=\"container\">\n\t\t\t\t<div class=\"elementor-element elementor-element-7ed16fd elementor-align-justify elementor-widget elementor-widget-button\" data-id=\"7ed16fd\" data-element_type=\"widget\" data-widget_type=\"button.default\">\n\t\t\t\t<div class=\"elementor-widget-container\">\n\t\t\t\t\t\t\t\t\t<div class=\"elementor-button-wrapper\">\n\t\t\t\t\t<a class=\"elementor-button elementor-button-link elementor-size-sm\" href=\"https:\/\/spirects.fcsh.unl.pt\/en\/objetivos\/\">\n\t\t\t\t\t\t<span class=\"elementor-button-content-wrapper\">\n\t\t\t\t\t\t\t\t\t<span class=\"elementor-button-text\">objectives<\/span>\n\t\t\t\t\t<\/span>\n\t\t\t\t\t<\/a>\n\t\t\t\t<\/div>\n\t\t\t\t\t\t\t\t<\/div>\n\t\t\t\t<\/div>\n\t\t\t\t<\/div>\n\t\t<div class=\"elementor-element elementor-element-0e0aa59 e-con-full e-flex e-con e-child\" data-id=\"0e0aa59\" data-element_type=\"container\">\n\t\t\t\t<div class=\"elementor-element elementor-element-d1a0691 elementor-align-justify elementor-widget elementor-widget-button\" data-id=\"d1a0691\" data-element_type=\"widget\" data-widget_type=\"button.default\">\n\t\t\t\t<div class=\"elementor-widget-container\">\n\t\t\t\t\t\t\t\t\t<div class=\"elementor-button-wrapper\">\n\t\t\t\t\t<a class=\"elementor-button elementor-button-link elementor-size-sm\" href=\"https:\/\/spirects.fcsh.unl.pt\/en\/metodologia\/\">\n\t\t\t\t\t\t<span class=\"elementor-button-content-wrapper\">\n\t\t\t\t\t\t\t\t\t<span class=\"elementor-button-text\">methodology<\/span>\n\t\t\t\t\t<\/span>\n\t\t\t\t\t<\/a>\n\t\t\t\t<\/div>\n\t\t\t\t\t\t\t\t<\/div>\n\t\t\t\t<\/div>\n\t\t\t\t<\/div>\n\t\t\t\t\t<\/div>\n\t\t\t\t<\/div>\n\t\t<div class=\"elementor-element elementor-element-3294b39 e-flex e-con-boxed e-con e-parent\" data-id=\"3294b39\" data-element_type=\"container\">\n\t\t\t\t\t<div class=\"e-con-inner\">\n\t\t\t\t<div class=\"elementor-element elementor-element-bb2affb elementor-widget-mobile__width-initial elementor-widget elementor-widget-image\" data-id=\"bb2affb\" data-element_type=\"widget\" data-widget_type=\"image.default\">\n\t\t\t\t<div class=\"elementor-widget-container\">\n\t\t\t\t\t\t\t\t\t\t\t\t\t\t\t<img fetchpriority=\"high\" decoding=\"async\" width=\"971\" height=\"990\" src=\"https:\/\/spirects.fcsh.unl.pt\/wp-content\/uploads\/2025\/03\/s-vazado_verde.png\" class=\"attachment-large size-large wp-image-3855\" alt=\"\" srcset=\"https:\/\/spirects.fcsh.unl.pt\/wp-content\/uploads\/2025\/03\/s-vazado_verde.png 971w, https:\/\/spirects.fcsh.unl.pt\/wp-content\/uploads\/2025\/03\/s-vazado_verde-294x300.png 294w, https:\/\/spirects.fcsh.unl.pt\/wp-content\/uploads\/2025\/03\/s-vazado_verde-768x783.png 768w\" sizes=\"(max-width: 971px) 100vw, 971px\" \/>\t\t\t\t\t\t\t\t\t\t\t\t\t\t\t<\/div>\n\t\t\t\t<\/div>\n\t\t\t\t\t<\/div>\n\t\t\t\t<\/div>\n\t\t\t\t<\/div>","protected":false},"excerpt":{"rendered":"<p>QUEM SOMOS projeto objetivos metodologia<\/p>","protected":false},"author":1,"featured_media":0,"parent":0,"menu_order":0,"comment_status":"closed","ping_status":"closed","template":"","meta":{"footnotes":""},"class_list":["post-3787","page","type-page","status-publish","hentry"],"_links":{"self":[{"href":"https:\/\/spirects.fcsh.unl.pt\/en\/wp-json\/wp\/v2\/pages\/3787","targetHints":{"allow":["GET"]}}],"collection":[{"href":"https:\/\/spirects.fcsh.unl.pt\/en\/wp-json\/wp\/v2\/pages"}],"about":[{"href":"https:\/\/spirects.fcsh.unl.pt\/en\/wp-json\/wp\/v2\/types\/page"}],"author":[{"embeddable":true,"href":"https:\/\/spirects.fcsh.unl.pt\/en\/wp-json\/wp\/v2\/users\/1"}],"replies":[{"embeddable":true,"href":"https:\/\/spirects.fcsh.unl.pt\/en\/wp-json\/wp\/v2\/comments?post=3787"}],"version-history":[{"count":0,"href":"https:\/\/spirects.fcsh.unl.pt\/en\/wp-json\/wp\/v2\/pages\/3787\/revisions"}],"wp:attachment":[{"href":"https:\/\/spirects.fcsh.unl.pt\/en\/wp-json\/wp\/v2\/media?parent=3787"}],"curies":[{"name":"wp","href":"https:\/\/api.w.org\/{rel}","templated":true}]}}